{"version":"1.0","provider_name":"Lithuanian","provider_url":"https:\/\/lifelonghearing.com\/lt","author_name":"articleflow","author_url":"https:\/\/lifelonghearing.com\/lt\/author\/articleflow\/","title":"Klausos praradimas ir demencija: gera klausa apsaugo atmint\u012f - Lithuanian","type":"rich","width":600,"height":338,"html":"<blockquote class=\"wp-embedded-content\" data-secret=\"GN2DeN1Jjl\"><a href=\"https:\/\/lifelonghearing.com\/lt\/klausos-praradimas-ir-demencija-gera-klausa-apsaugo-atminti\/\">Klausos praradimas ir demencija: gera klausa apsaugo atmint\u012f<\/a><\/blockquote><iframe sandbox=\"allow-scripts\" security=\"restricted\" src=\"https:\/\/lifelonghearing.com\/lt\/klausos-praradimas-ir-demencija-gera-klausa-apsaugo-atminti\/embed\/#?secret=GN2DeN1Jjl\" width=\"600\" height=\"338\" title=\"&#8220;Klausos praradimas ir demencija: gera klausa apsaugo atmint\u012f&#8221; &#8212; Lithuanian\" data-secret=\"GN2DeN1Jjl\" frameborder=\"0\" marginwidth=\"0\" marginheight=\"0\" scrolling=\"no\" class=\"wp-embedded-content\"><\/iframe><script type=\"text\/javascript\">\n\/* <![CDATA[ *\/\n\/*! This file is auto-generated *\/\n!function(d,l){\"use strict\";l.querySelector&&d.addEventListener&&\"undefined\"!=typeof URL&&(d.wp=d.wp||{},d.wp.receiveEmbedMessage||(d.wp.receiveEmbedMessage=function(e){var t=e.data;if((t||t.secret||t.message||t.value)&&!\/[^a-zA-Z0-9]\/.test(t.secret)){for(var s,r,n,a=l.querySelectorAll('iframe[data-secret=\"'+t.secret+'\"]'),o=l.querySelectorAll('blockquote[data-secret=\"'+t.secret+'\"]'),c=new RegExp(\"^https?:$\",\"i\"),i=0;i<o.length;i++)o[i].style.display=\"none\";for(i=0;i<a.length;i++)s=a[i],e.source===s.contentWindow&&(s.removeAttribute(\"style\"),\"height\"===t.message?(1e3<(r=parseInt(t.value,10))?r=1e3:~~r<200&&(r=200),s.height=r):\"link\"===t.message&&(r=new URL(s.getAttribute(\"src\")),n=new URL(t.value),c.test(n.protocol))&&n.host===r.host&&l.activeElement===s&&(d.top.location.href=t.value))}},d.addEventListener(\"message\",d.wp.receiveEmbedMessage,!1),l.addEventListener(\"DOMContentLoaded\",function(){for(var e,t,s=l.querySelectorAll(\"iframe.wp-embedded-content\"),r=0;r<s.length;r++)(t=(e=s[r]).getAttribute(\"data-secret\"))||(t=Math.random().toString(36).substring(2,12),e.src+=\"#?secret=\"+t,e.setAttribute(\"data-secret\",t)),e.contentWindow.postMessage({message:\"ready\",secret:t},\"*\")},!1)))}(window,document);\n\/* ]]> *\/\n<\/script>\n","thumbnail_url":"https:\/\/lifelonghearing.com\/lt\/wp-content\/uploads\/sites\/12\/2026\/03\/template_featured.jpg","thumbnail_width":1400,"thumbnail_height":652,"description":"Klausos praradimas turi \u012ftakos ne tik bendravimui, bet ir psichiniam tinkamumui. Tai da\u017enai nepakankamai \u012fvertintas neurokognityvini\u0173 lig\u0173 rizikos veiksnys. Gegu\u017e\u0119, Prim. Dr. Thomas Keintzel aptar\u0117 \u0161i\u0105 svarbi\u0105 tem\u0105 \u201eMit allen Sinnen\u201c \u017eini\u0173 forume Klinikum Wels-Grieskirchen."}